{"id":14,"date":"2024-09-16T17:13:32","date_gmt":"2024-09-16T15:13:32","guid":{"rendered":"https:\/\/www.siaep-margeride.fr\/?page_id=14"},"modified":"2026-04-29T16:17:51","modified_gmt":"2026-04-29T14:17:51","slug":"actualites","status":"publish","type":"page","link":"https:\/\/www.siaep-margeride.fr\/?page_id=14","title":{"rendered":"Actualit\u00e9s"},"content":{"rendered":"<p>[et_pb_section fb_built=\u00a0\u00bb1&Prime; admin_label=\u00a0\u00bbHero\u00a0\u00bb _builder_version=\u00a0\u00bb4.23.1&Prime; _module_preset=\u00a0\u00bbdefault\u00a0\u00bb custom_padding=\u00a0\u00bb||||false|false\u00a0\u00bb locked=\u00a0\u00bboff\u00a0\u00bb collapsed=\u00a0\u00bbon\u00a0\u00bb global_colors_info=\u00a0\u00bb{}\u00a0\u00bb][et_pb_row column_structure=\u00a0\u00bb1_2,1_2&Prime; _builder_version=\u00a0\u00bb4.24.2&Prime; _module_preset=\u00a0\u00bb5138c454-be54-4233-bd3b-f8e6a8747976&Prime; locked=\u00a0\u00bboff\u00a0\u00bb global_colors_info=\u00a0\u00bb{}\u00a0\u00bb][et_pb_column type=\u00a0\u00bb1_2&Prime; _builder_version=\u00a0\u00bb4.24.2&Prime; _module_preset=\u00a0\u00bb73121f80-a3ef-4484-8763-c3f18e3c56d2&Prime; custom_padding=\u00a0\u00bb60px||||false|false\u00a0\u00bb custom_padding_tablet=\u00a0\u00bb0px||||false|false\u00a0\u00bb custom_padding_phone=\u00a0\u00bb0px||||false|false\u00a0\u00bb custom_padding_last_edited=\u00a0\u00bbon|desktop\u00a0\u00bb global_colors_info=\u00a0\u00bb{}\u00a0\u00bb][et_pb_heading title=\u00a0\u00bbFacturation de votre consommation d&rsquo;eau\u00a0\u00bb _builder_version=\u00a0\u00bb4.24.2&Prime; _module_preset=\u00a0\u00bbddeb8c09-9078-4424-bc15-2efb6572e28e\u00a0\u00bb locked=\u00a0\u00bboff\u00a0\u00bb global_colors_info=\u00a0\u00bb{}\u00a0\u00bb][\/et_pb_heading][et_pb_text _builder_version=\u00a0\u00bb4.27.0&Prime; _module_preset=\u00a0\u00bb2c55a9c4-feed-423b-9edb-ae0b5b365cac\u00a0\u00bb locked=\u00a0\u00bboff\u00a0\u00bb global_colors_info=\u00a0\u00bb{}\u00a0\u00bb]<\/p>\n<p><span style=\"font-size: 16px;\">Suite au passage des \u00e9quipes techniques pour relever vos compteurs d&rsquo;eau, et apr\u00e8s la premi\u00e8re facture concernant l&rsquo;abonnement, vous allez prochainement recevoir votre facture d&rsquo;eau pour votre consommation avec les trois redevances (consommation d&rsquo;eau potable, performance des r\u00e9seaux d&rsquo;eau, redevance pr\u00e9l\u00e8vement)\u00a0<\/span><\/p>\n<p>&nbsp;<\/p>\n<p>[\/et_pb_text][et_pb_button button_text=\u00a0\u00bbEn Savoir Plus\u00a0\u00bb _builder_version=\u00a0\u00bb4.24.2&Prime; _module_preset=\u00a0\u00bb1bffc0fc-42a0-49d1-bd9a-ae3ade2d7206&Prime; locked=\u00a0\u00bboff\u00a0\u00bb global_colors_info=\u00a0\u00bb{}\u00a0\u00bb][\/et_pb_button][\/et_pb_column][et_pb_column type=\u00a0\u00bb1_2&Prime; _builder_version=\u00a0\u00bb4.23.1&Prime; _module_preset=\u00a0\u00bb73121f80-a3ef-4484-8763-c3f18e3c56d2&Prime; global_colors_info=\u00a0\u00bb{}\u00a0\u00bb][et_pb_image src=\u00a0\u00bbhttps:\/\/www.siaep-margeride.fr\/wp-content\/uploads\/2024\/09\/water-197334_1280.jpg\u00a0\u00bb title_text=\u00a0\u00bbwater-197334_1280&Prime; _builder_version=\u00a0\u00bb4.27.0&Prime; _module_preset=\u00a0\u00bb1cc6152f-565c-4c4d-b0c9-cf8c9576c341&Prime; custom_margin=\u00a0\u00bb|-10vw|||false|false\u00a0\u00bb custom_margin_tablet=\u00a0\u00bb|0vw|||false|false\u00a0\u00bb custom_margin_phone=\u00a0\u00bb|0vw|||false|false\u00a0\u00bb custom_margin_last_edited=\u00a0\u00bbon|tablet\u00a0\u00bb box_shadow_style=\u00a0\u00bbpreset4&Prime; box_shadow_horizontal=\u00a0\u00bb0px\u00a0\u00bb box_shadow_vertical=\u00a0\u00bb24px\u00a0\u00bb box_shadow_blur=\u00a0\u00bb72px\u00a0\u00bb box_shadow_spread=\u00a0\u00bb-12px\u00a0\u00bb locked=\u00a0\u00bboff\u00a0\u00bb global_colors_info=\u00a0\u00bb{}\u00a0\u00bb][\/et_pb_image][\/et_pb_column][\/et_pb_row][\/et_pb_section][et_pb_section fb_built=\u00a0\u00bb1&Prime; admin_label=\u00a0\u00bbEvents\u00a0\u00bb _builder_version=\u00a0\u00bb4.24.3&Prime; _module_preset=\u00a0\u00bb_initial\u00a0\u00bb locked=\u00a0\u00bboff\u00a0\u00bb collapsed=\u00a0\u00bbon\u00a0\u00bb global_colors_info=\u00a0\u00bb{%22gcid-36fd78a7-34bc-404d-873c-dafa34efaae5%22:%91%22colorStart%22%93}\u00a0\u00bb][et_pb_row _builder_version=\u00a0\u00bb4.18.0&Prime; _module_preset=\u00a0\u00bb5138c454-be54-4233-bd3b-f8e6a8747976&Prime; global_colors_info=\u00a0\u00bb{}\u00a0\u00bb][et_pb_column type=\u00a0\u00bb4_4&Prime; _builder_version=\u00a0\u00bb4.16&Prime; _module_preset=\u00a0\u00bb73121f80-a3ef-4484-8763-c3f18e3c56d2&Prime; global_colors_info=\u00a0\u00bb{}\u00a0\u00bb][et_pb_heading title=\u00a0\u00bb\u00c9v\u00e9nements \u00e0 Venir\u00a0\u00bb _builder_version=\u00a0\u00bb4.24.3&Prime; _module_preset=\u00a0\u00bbc33f07d9-41e0-421a-8799-5799df695cce\u00a0\u00bb title_text_align=\u00a0\u00bbcenter\u00a0\u00bb locked=\u00a0\u00bboff\u00a0\u00bb global_colors_info=\u00a0\u00bb{}\u00a0\u00bb][\/et_pb_heading][\/et_pb_column][\/et_pb_row][et_pb_row column_structure=\u00a0\u00bb2_3,1_3&Prime; _builder_version=\u00a0\u00bb4.24.3&Prime; _module_preset=\u00a0\u00bb5138c454-be54-4233-bd3b-f8e6a8747976&Prime; custom_padding=\u00a0\u00bb2px|||||\u00a0\u00bb border_width_bottom=\u00a0\u00bb2px\u00a0\u00bb border_color_bottom=\u00a0\u00bbrgba(0,0,0,0.06)\u00a0\u00bb global_colors_info=\u00a0\u00bb{}\u00a0\u00bb][et_pb_column type=\u00a0\u00bb2_3&Prime; _builder_version=\u00a0\u00bb4.24.3&Prime; _module_preset=\u00a0\u00bbdefault\u00a0\u00bb global_colors_info=\u00a0\u00bb{%22gcid-7cadd8b3-5228-48e4-90c4-212d09232f7b%22:%91%22color%22%93}\u00a0\u00bb][et_pb_blurb title=\u00a0\u00bbElection du Bureau Syndical \u00a0\u00bb image=\u00a0\u00bbhttps:\/\/images.unsplash.com\/photo-1713668344666-b491113cf329?ixid=M3w1ODkyNzF8MHwxfHNlYXJjaHwxMHx8Y29tbXVuaXR5JTIwZ2F0aGVyaW5nfGVufDB8MHx8fDE3MjY0NTQ4NjR8MA&#038;ixlib=rb-4.0.3&#038;fm=webp&#038;fit=crop&#038;crop=entropy&#038;w=800&#038;h=600&#038;q=20&#038;dpr=2&Prime; image_icon_width=\u00a0\u00bb240px\u00a0\u00bb icon_placement_tablet=\u00a0\u00bb\u00a0\u00bb icon_placement_phone=\u00a0\u00bbtop\u00a0\u00bb icon_placement_last_edited=\u00a0\u00bbon|tablet\u00a0\u00bb image_icon_width_tablet=\u00a0\u00bb30vw\u00a0\u00bb image_icon_width_phone=\u00a0\u00bb100%\u00a0\u00bb image_icon_width_last_edited=\u00a0\u00bbon|desktop\u00a0\u00bb _builder_version=\u00a0\u00bb4.24.3&Prime; _module_preset=\u00a0\u00bb65059203-12d3-44f6-8371-3f5cf61a0475&Prime; header_font_size=\u00a0\u00bb32px\u00a0\u00bb image_icon_custom_margin=\u00a0\u00bb|20px|||false|false\u00a0\u00bb header_font_size_tablet=\u00a0\u00bb22px\u00a0\u00bb header_font_size_phone=\u00a0\u00bb17px\u00a0\u00bb header_font_size_last_edited=\u00a0\u00bbon|desktop\u00a0\u00bb locked=\u00a0\u00bboff\u00a0\u00bb global_colors_info=\u00a0\u00bb{%22gcid-heading-color%22:%91%22header_text_color%22,%22header_text_color%22,%22header_text_color%22,%22header_text_color%22,%22header_text_color%22%93,%22gcid-primary-color%22:%91%22icon_color%22%93}\u00a0\u00bb]<\/p>\n<p>Le 16 avril se tiendra l&rsquo;\u00e9lection du nouveau bureau syndical suite \u00e0 l&rsquo;installation des conseils municipaux de toutes les communes adh\u00e9rentes.\u00a0<\/p>\n<p>[\/et_pb_blurb][\/et_pb_column][et_pb_column type=\u00a0\u00bb1_3&Prime; _builder_version=\u00a0\u00bb4.24.3&Prime; _module_preset=\u00a0\u00bbdefault\u00a0\u00bb background_color=\u00a0\u00bb#ffffff\u00a0\u00bb custom_padding_phone=\u00a0\u00bb20px|20px|20px|20px|true|true\u00a0\u00bb custom_padding_last_edited=\u00a0\u00bboff|desktop\u00a0\u00bb global_colors_info=\u00a0\u00bb{%22gcid-7cadd8b3-5228-48e4-90c4-212d09232f7b%22:%91%22color%22%93}\u00a0\u00bb][et_pb_text module_class=\u00a0\u00bbai_ignore_all\u00a0\u00bb _builder_version=\u00a0\u00bb4.27.0&Prime; _module_preset=\u00a0\u00bbca5459fa-2abd-4000-9b59-3cb483bcc17e\u00a0\u00bb text_orientation=\u00a0\u00bbright\u00a0\u00bb text_orientation_tablet=\u00a0\u00bb\u00a0\u00bb text_orientation_phone=\u00a0\u00bbleft\u00a0\u00bb text_orientation_last_edited=\u00a0\u00bbon|phone\u00a0\u00bb locked=\u00a0\u00bboff\u00a0\u00bb global_colors_info=\u00a0\u00bb{}\u00a0\u00bb]<\/p>\n<p>16 avril 2026<\/p>\n<p>[\/et_pb_text][et_pb_button button_text=\u00a0\u00bbD\u00e9tails\u00a0\u00bb button_alignment=\u00a0\u00bbright\u00a0\u00bb button_alignment_tablet=\u00a0\u00bb\u00a0\u00bb button_alignment_phone=\u00a0\u00bbleft\u00a0\u00bb button_alignment_last_edited=\u00a0\u00bbon|phone\u00a0\u00bb _builder_version=\u00a0\u00bb4.24.3&Prime; _module_preset=\u00a0\u00bb1bffc0fc-42a0-49d1-bd9a-ae3ade2d7206&Prime; locked=\u00a0\u00bboff\u00a0\u00bb global_colors_info=\u00a0\u00bb{%22gcid-36fd78a7-34bc-404d-873c-dafa34efaae5%22:%91%22button_text_color%22%93}\u00a0\u00bb][\/et_pb_button][\/et_pb_column][\/et_pb_row][et_pb_row column_structure=\u00a0\u00bb2_3,1_3&Prime; _builder_version=\u00a0\u00bb4.24.3&Prime; _module_preset=\u00a0\u00bb5138c454-be54-4233-bd3b-f8e6a8747976&Prime; custom_padding=\u00a0\u00bb2px|||||\u00a0\u00bb border_width_bottom=\u00a0\u00bb2px\u00a0\u00bb border_color_bottom=\u00a0\u00bbrgba(0,0,0,0.06)\u00a0\u00bb global_colors_info=\u00a0\u00bb{}\u00a0\u00bb][et_pb_column type=\u00a0\u00bb2_3&Prime; _builder_version=\u00a0\u00bb4.24.3&Prime; _module_preset=\u00a0\u00bbdefault\u00a0\u00bb global_colors_info=\u00a0\u00bb{%22gcid-7cadd8b3-5228-48e4-90c4-212d09232f7b%22:%91%22color%22%93}\u00a0\u00bb][et_pb_blurb title=\u00a0\u00bbCOPIL &#8211; aire alimentation captages Viellespesse\u00a0\u00bb image=\u00a0\u00bbhttps:\/\/images.unsplash.com\/photo-1713668344666-b491113cf329?ixid=M3w1ODkyNzF8MHwxfHNlYXJjaHwxMHx8Y29tbXVuaXR5JTIwZ2F0aGVyaW5nfGVufDB8MHx8fDE3MjY0NTQ4NjR8MA&#038;ixlib=rb-4.0.3&#038;fm=webp&#038;fit=crop&#038;crop=entropy&#038;w=800&#038;h=600&#038;q=20&#038;dpr=2&Prime; image_icon_width=\u00a0\u00bb240px\u00a0\u00bb icon_placement_tablet=\u00a0\u00bb\u00a0\u00bb icon_placement_phone=\u00a0\u00bbtop\u00a0\u00bb icon_placement_last_edited=\u00a0\u00bbon|tablet\u00a0\u00bb image_icon_width_tablet=\u00a0\u00bb30vw\u00a0\u00bb image_icon_width_phone=\u00a0\u00bb100%\u00a0\u00bb image_icon_width_last_edited=\u00a0\u00bbon|desktop\u00a0\u00bb _builder_version=\u00a0\u00bb4.24.3&Prime; _module_preset=\u00a0\u00bb65059203-12d3-44f6-8371-3f5cf61a0475&Prime; header_font_size=\u00a0\u00bb32px\u00a0\u00bb image_icon_custom_margin=\u00a0\u00bb|20px|||false|false\u00a0\u00bb header_font_size_tablet=\u00a0\u00bb22px\u00a0\u00bb header_font_size_phone=\u00a0\u00bb17px\u00a0\u00bb header_font_size_last_edited=\u00a0\u00bbon|desktop\u00a0\u00bb locked=\u00a0\u00bboff\u00a0\u00bb global_colors_info=\u00a0\u00bb{%22gcid-heading-color%22:%91%22header_text_color%22,%22header_text_color%22,%22header_text_color%22,%22header_text_color%22,%22header_text_color%22%93,%22gcid-primary-color%22:%91%22icon_color%22%93}\u00a0\u00bb]<\/p>\n<p>Pour faire face \u00e0 la recrudescence des nitrates dans les captages de la commune de Vieillespesse, un COPIL se tiendra le 3 mars <span style=\"font-size: 16px;\">2026 \u00e0 Lastic en pr\u00e9sence de l&rsquo;ARS, la SAGEA, la DDT, la Chambre d&rsquo;Agriculture, l&rsquo;Agence de l&rsquo;eau Loire Bretagne, avec pour ordre du jour :\u00a0<\/span><\/p>\n<p>1. Point de situation sur les teneurs en nitrates des captages et rappels r\u00e9glementaires<br \/>2. Rappel des \u00e9tudes hydrog\u00e9ologiques existantes<br \/>3. Proposition de d\u00e9limitation des aires d&rsquo;alimentation de captages, pour validation<br \/>4. Perspectives: actions agricoles \u00e0 conduire sur les AAC, animation de la d\u00e9marche et suivi.<\/p>\n<p>[\/et_pb_blurb][\/et_pb_column][et_pb_column type=\u00a0\u00bb1_3&Prime; _builder_version=\u00a0\u00bb4.24.3&Prime; _module_preset=\u00a0\u00bbdefault\u00a0\u00bb background_color=\u00a0\u00bb#ffffff\u00a0\u00bb custom_padding_phone=\u00a0\u00bb20px|20px|20px|20px|true|true\u00a0\u00bb custom_padding_last_edited=\u00a0\u00bboff|desktop\u00a0\u00bb global_colors_info=\u00a0\u00bb{%22gcid-7cadd8b3-5228-48e4-90c4-212d09232f7b%22:%91%22color%22%93}\u00a0\u00bb][et_pb_text module_class=\u00a0\u00bbai_ignore_all\u00a0\u00bb _builder_version=\u00a0\u00bb4.27.0&Prime; _module_preset=\u00a0\u00bbca5459fa-2abd-4000-9b59-3cb483bcc17e\u00a0\u00bb text_orientation=\u00a0\u00bbright\u00a0\u00bb hover_enabled=\u00a0\u00bb0&Prime; text_orientation_tablet=\u00a0\u00bb\u00a0\u00bb text_orientation_phone=\u00a0\u00bbleft\u00a0\u00bb text_orientation_last_edited=\u00a0\u00bbon|phone\u00a0\u00bb locked=\u00a0\u00bboff\u00a0\u00bb global_colors_info=\u00a0\u00bb{}\u00a0\u00bb sticky_enabled=\u00a0\u00bb0&Prime;]<\/p>\n<p>3 mars 2026<\/p>\n<p>[\/et_pb_text][et_pb_button button_text=\u00a0\u00bbD\u00e9tails\u00a0\u00bb button_alignment=\u00a0\u00bbright\u00a0\u00bb button_alignment_tablet=\u00a0\u00bb\u00a0\u00bb button_alignment_phone=\u00a0\u00bbleft\u00a0\u00bb button_alignment_last_edited=\u00a0\u00bbon|phone\u00a0\u00bb _builder_version=\u00a0\u00bb4.24.3&Prime; _module_preset=\u00a0\u00bb1bffc0fc-42a0-49d1-bd9a-ae3ade2d7206&Prime; locked=\u00a0\u00bboff\u00a0\u00bb global_colors_info=\u00a0\u00bb{%22gcid-36fd78a7-34bc-404d-873c-dafa34efaae5%22:%91%22button_text_color%22%93}\u00a0\u00bb][\/et_pb_button][\/et_pb_column][\/et_pb_row][et_pb_row column_structure=\u00a0\u00bb2_3,1_3&Prime; _builder_version=\u00a0\u00bb4.24.3&Prime; _module_preset=\u00a0\u00bb5138c454-be54-4233-bd3b-f8e6a8747976&Prime; custom_padding=\u00a0\u00bb2px|||||\u00a0\u00bb border_width_bottom=\u00a0\u00bb2px\u00a0\u00bb border_color_bottom=\u00a0\u00bbrgba(0,0,0,0.06)\u00a0\u00bb global_colors_info=\u00a0\u00bb{}\u00a0\u00bb][et_pb_column type=\u00a0\u00bb2_3&Prime; _builder_version=\u00a0\u00bb4.24.3&Prime; _module_preset=\u00a0\u00bbdefault\u00a0\u00bb global_colors_info=\u00a0\u00bb{%22gcid-7cadd8b3-5228-48e4-90c4-212d09232f7b%22:%91%22color%22%93}\u00a0\u00bb][et_pb_blurb title=\u00a0\u00bbInt\u00e9gration du village de Loudi\u00e8res (Celoux)\u00a0\u00bb image=\u00a0\u00bbhttps:\/\/images.unsplash.com\/photo-1713668344666-b491113cf329?ixid=M3w1ODkyNzF8MHwxfHNlYXJjaHwxMHx8Y29tbXVuaXR5JTIwZ2F0aGVyaW5nfGVufDB8MHx8fDE3MjY0NTQ4NjR8MA&#038;ixlib=rb-4.0.3&#038;fm=webp&#038;fit=crop&#038;crop=entropy&#038;w=800&#038;h=600&#038;q=20&#038;dpr=2&Prime; image_icon_width=\u00a0\u00bb240px\u00a0\u00bb icon_placement_tablet=\u00a0\u00bb\u00a0\u00bb icon_placement_phone=\u00a0\u00bbtop\u00a0\u00bb icon_placement_last_edited=\u00a0\u00bbon|tablet\u00a0\u00bb image_icon_width_tablet=\u00a0\u00bb30vw\u00a0\u00bb image_icon_width_phone=\u00a0\u00bb100%\u00a0\u00bb image_icon_width_last_edited=\u00a0\u00bbon|desktop\u00a0\u00bb _builder_version=\u00a0\u00bb4.24.3&Prime; _module_preset=\u00a0\u00bb65059203-12d3-44f6-8371-3f5cf61a0475&Prime; header_font_size=\u00a0\u00bb32px\u00a0\u00bb image_icon_custom_margin=\u00a0\u00bb|20px|||false|false\u00a0\u00bb header_font_size_tablet=\u00a0\u00bb22px\u00a0\u00bb header_font_size_phone=\u00a0\u00bb17px\u00a0\u00bb header_font_size_last_edited=\u00a0\u00bbon|desktop\u00a0\u00bb locked=\u00a0\u00bboff\u00a0\u00bb global_colors_info=\u00a0\u00bb{%22gcid-heading-color%22:%91%22header_text_color%22,%22header_text_color%22,%22header_text_color%22,%22header_text_color%22,%22header_text_color%22%93,%22gcid-primary-color%22:%91%22icon_color%22%93}\u00a0\u00bb]<\/p>\n<p>Dans le cadre du transfert de comp\u00e9tences, le hameau de Loudi\u00e8res sur la commune de Celoux, a fait part de son souhait d&rsquo;int\u00e9grer le SIAEP de la Margeride Nord au 01\/01\/2026. Apr\u00e8s concertation aupr\u00e8s des d\u00e9l\u00e9gu\u00e9s syndicaux, cette demande est accept\u00e9e et sera effective d\u00e8s le 1er janvier.\u00a0<\/p>\n<p>[\/et_pb_blurb][\/et_pb_column][et_pb_column type=\u00a0\u00bb1_3&Prime; _builder_version=\u00a0\u00bb4.24.3&Prime; _module_preset=\u00a0\u00bbdefault\u00a0\u00bb background_color=\u00a0\u00bb#ffffff\u00a0\u00bb custom_padding_phone=\u00a0\u00bb20px|20px|20px|20px|true|true\u00a0\u00bb custom_padding_last_edited=\u00a0\u00bboff|desktop\u00a0\u00bb global_colors_info=\u00a0\u00bb{%22gcid-7cadd8b3-5228-48e4-90c4-212d09232f7b%22:%91%22color%22%93}\u00a0\u00bb][et_pb_text module_class=\u00a0\u00bbai_ignore_all\u00a0\u00bb _builder_version=\u00a0\u00bb4.27.0&Prime; _module_preset=\u00a0\u00bbca5459fa-2abd-4000-9b59-3cb483bcc17e\u00a0\u00bb text_orientation=\u00a0\u00bbright\u00a0\u00bb text_orientation_tablet=\u00a0\u00bb\u00a0\u00bb text_orientation_phone=\u00a0\u00bbleft\u00a0\u00bb text_orientation_last_edited=\u00a0\u00bbon|phone\u00a0\u00bb locked=\u00a0\u00bboff\u00a0\u00bb global_colors_info=\u00a0\u00bb{}\u00a0\u00bb]<\/p>\n<p>1er janvier 2026<\/p>\n<p>[\/et_pb_text][et_pb_button button_text=\u00a0\u00bbD\u00e9tails\u00a0\u00bb button_alignment=\u00a0\u00bbright\u00a0\u00bb button_alignment_tablet=\u00a0\u00bb\u00a0\u00bb button_alignment_phone=\u00a0\u00bbleft\u00a0\u00bb button_alignment_last_edited=\u00a0\u00bbon|phone\u00a0\u00bb _builder_version=\u00a0\u00bb4.24.3&Prime; _module_preset=\u00a0\u00bb1bffc0fc-42a0-49d1-bd9a-ae3ade2d7206&Prime; locked=\u00a0\u00bboff\u00a0\u00bb global_colors_info=\u00a0\u00bb{%22gcid-36fd78a7-34bc-404d-873c-dafa34efaae5%22:%91%22button_text_color%22%93}\u00a0\u00bb][\/et_pb_button][\/et_pb_column][\/et_pb_row][et_pb_row column_structure=\u00a0\u00bb2_3,1_3&Prime; _builder_version=\u00a0\u00bb4.24.3&Prime; _module_preset=\u00a0\u00bb5138c454-be54-4233-bd3b-f8e6a8747976&Prime; border_width_bottom=\u00a0\u00bb2px\u00a0\u00bb border_color_bottom=\u00a0\u00bbrgba(0,0,0,0.06)\u00a0\u00bb global_colors_info=\u00a0\u00bb{}\u00a0\u00bb][et_pb_column type=\u00a0\u00bb2_3&Prime; _builder_version=\u00a0\u00bb4.24.3&Prime; _module_preset=\u00a0\u00bbdefault\u00a0\u00bb global_colors_info=\u00a0\u00bb{%22gcid-7cadd8b3-5228-48e4-90c4-212d09232f7b%22:%91%22color%22%93}\u00a0\u00bb][et_pb_blurb title=\u00a0\u00bbR\u00e9union sur le projet d&rsquo;interconnexion de Lagarde-Les Alouettes\u00a0\u00bb image=\u00a0\u00bbhttps:\/\/images.unsplash.com\/photo-1713668344666-b491113cf329?ixid=M3w1ODkyNzF8MHwxfHNlYXJjaHwxMHx8Y29tbXVuaXR5JTIwZ2F0aGVyaW5nfGVufDB8MHx8fDE3MjY0NTQ4NjR8MA&#038;ixlib=rb-4.0.3&#038;fm=webp&#038;fit=crop&#038;crop=entropy&#038;w=800&#038;h=600&#038;q=20&#038;dpr=2&Prime; image_icon_width=\u00a0\u00bb240px\u00a0\u00bb icon_placement_tablet=\u00a0\u00bb\u00a0\u00bb icon_placement_phone=\u00a0\u00bbtop\u00a0\u00bb icon_placement_last_edited=\u00a0\u00bbon|tablet\u00a0\u00bb image_icon_width_tablet=\u00a0\u00bb30vw\u00a0\u00bb image_icon_width_phone=\u00a0\u00bb100%\u00a0\u00bb image_icon_width_last_edited=\u00a0\u00bbon|desktop\u00a0\u00bb _builder_version=\u00a0\u00bb4.24.3&Prime; _module_preset=\u00a0\u00bb65059203-12d3-44f6-8371-3f5cf61a0475&Prime; header_font_size=\u00a0\u00bb32px\u00a0\u00bb image_icon_custom_margin=\u00a0\u00bb|20px|||false|false\u00a0\u00bb header_font_size_tablet=\u00a0\u00bb22px\u00a0\u00bb header_font_size_phone=\u00a0\u00bb17px\u00a0\u00bb header_font_size_last_edited=\u00a0\u00bbon|desktop\u00a0\u00bb locked=\u00a0\u00bboff\u00a0\u00bb global_colors_info=\u00a0\u00bb{%22gcid-heading-color%22:%91%22header_text_color%22,%22header_text_color%22,%22header_text_color%22,%22header_text_color%22,%22header_text_color%22%93,%22gcid-primary-color%22:%91%22icon_color%22%93}\u00a0\u00bb]<\/p>\n<p>Le prochain gros projet de travaux du SIAEP s&rsquo;articule autour de la desserte en eau du village de Lagarde sur la commune de Celoux qui conna\u00eet des difficult\u00e9s d&rsquo;approvisionnement, surtout en p\u00e9riode d&rsquo;\u00e9tiage. Ce projet d&rsquo;interconnexion est la solution.\u00a0<\/p>\n<p>[\/et_pb_blurb][\/et_pb_column][et_pb_column type=\u00a0\u00bb1_3&Prime; _builder_version=\u00a0\u00bb4.24.3&Prime; _module_preset=\u00a0\u00bbdefault\u00a0\u00bb background_color=\u00a0\u00bb#ffffff\u00a0\u00bb custom_padding_phone=\u00a0\u00bb20px|20px|20px|20px|true|true\u00a0\u00bb custom_padding_last_edited=\u00a0\u00bboff|desktop\u00a0\u00bb global_colors_info=\u00a0\u00bb{%22gcid-7cadd8b3-5228-48e4-90c4-212d09232f7b%22:%91%22color%22%93}\u00a0\u00bb][et_pb_text module_class=\u00a0\u00bbai_ignore_all\u00a0\u00bb _builder_version=\u00a0\u00bb4.27.0&Prime; _module_preset=\u00a0\u00bbca5459fa-2abd-4000-9b59-3cb483bcc17e\u00a0\u00bb text_orientation=\u00a0\u00bbright\u00a0\u00bb text_orientation_tablet=\u00a0\u00bb\u00a0\u00bb text_orientation_phone=\u00a0\u00bbleft\u00a0\u00bb text_orientation_last_edited=\u00a0\u00bbon|phone\u00a0\u00bb locked=\u00a0\u00bboff\u00a0\u00bb global_colors_info=\u00a0\u00bb{}\u00a0\u00bb]<\/p>\n<p>7 octobre 2025<\/p>\n<p>[\/et_pb_text][et_pb_button button_text=\u00a0\u00bbD\u00e9tails\u00a0\u00bb button_alignment=\u00a0\u00bbright\u00a0\u00bb button_alignment_tablet=\u00a0\u00bb\u00a0\u00bb button_alignment_phone=\u00a0\u00bbleft\u00a0\u00bb button_alignment_last_edited=\u00a0\u00bbon|phone\u00a0\u00bb _builder_version=\u00a0\u00bb4.24.3&Prime; _module_preset=\u00a0\u00bb1bffc0fc-42a0-49d1-bd9a-ae3ade2d7206&Prime; locked=\u00a0\u00bboff\u00a0\u00bb global_colors_info=\u00a0\u00bb{%22gcid-36fd78a7-34bc-404d-873c-dafa34efaae5%22:%91%22button_text_color%22%93}\u00a0\u00bb][\/et_pb_button][\/et_pb_column][\/et_pb_row][et_pb_row column_structure=\u00a0\u00bb2_3,1_3&Prime; _builder_version=\u00a0\u00bb4.24.3&Prime; _module_preset=\u00a0\u00bb5138c454-be54-4233-bd3b-f8e6a8747976&Prime; border_width_bottom=\u00a0\u00bb2px\u00a0\u00bb border_color_bottom=\u00a0\u00bbrgba(0,0,0,0.06)\u00a0\u00bb global_colors_info=\u00a0\u00bb{}\u00a0\u00bb][et_pb_column type=\u00a0\u00bb2_3&Prime; _builder_version=\u00a0\u00bb4.24.3&Prime; _module_preset=\u00a0\u00bbdefault\u00a0\u00bb global_colors_info=\u00a0\u00bb{%22gcid-7cadd8b3-5228-48e4-90c4-212d09232f7b%22:%91%22color%22%93}\u00a0\u00bb][et_pb_blurb title=\u00a0\u00bbConseil Syndical \u00a0\u00bb image=\u00a0\u00bbhttps:\/\/images.unsplash.com\/photo-1588006775388-4372241c3d6c?ixid=M3w1ODkyNzF8MHwxfHNlYXJjaHwyfHxvdXRkb29yJTIwZmVzdGl2YWx8ZW58MHwwfHx8MTcyNjQ0MjMyMHww&#038;ixlib=rb-4.0.3&#038;fm=webp&#038;fit=crop&#038;crop=entropy&#038;w=800&#038;h=600&#038;q=20&#038;dpr=2&Prime; image_icon_width=\u00a0\u00bb240px\u00a0\u00bb icon_placement_tablet=\u00a0\u00bb\u00a0\u00bb icon_placement_phone=\u00a0\u00bbtop\u00a0\u00bb icon_placement_last_edited=\u00a0\u00bbon|tablet\u00a0\u00bb image_icon_width_tablet=\u00a0\u00bb30vw\u00a0\u00bb image_icon_width_phone=\u00a0\u00bb100%\u00a0\u00bb image_icon_width_last_edited=\u00a0\u00bbon|desktop\u00a0\u00bb _builder_version=\u00a0\u00bb4.24.3&Prime; _module_preset=\u00a0\u00bb65059203-12d3-44f6-8371-3f5cf61a0475&Prime; header_font_size=\u00a0\u00bb32px\u00a0\u00bb image_icon_custom_margin=\u00a0\u00bb|20px|||false|false\u00a0\u00bb header_font_size_tablet=\u00a0\u00bb22px\u00a0\u00bb header_font_size_phone=\u00a0\u00bb17px\u00a0\u00bb header_font_size_last_edited=\u00a0\u00bbon|desktop\u00a0\u00bb locked=\u00a0\u00bboff\u00a0\u00bb global_colors_info=\u00a0\u00bb{%22gcid-heading-color%22:%91%22header_text_color%22,%22header_text_color%22,%22header_text_color%22,%22header_text_color%22,%22header_text_color%22%93,%22gcid-primary-color%22:%91%22icon_color%22%93}\u00a0\u00bb]<\/p>\n<p>Le conseil syndical se r\u00e9unit environ une fois par trimestre.\u00a0<\/p>\n<p>[\/et_pb_blurb][\/et_pb_column][et_pb_column type=\u00a0\u00bb1_3&Prime; _builder_version=\u00a0\u00bb4.24.3&Prime; _module_preset=\u00a0\u00bbdefault\u00a0\u00bb background_color=\u00a0\u00bb#ffffff\u00a0\u00bb custom_padding_phone=\u00a0\u00bb20px|20px|20px|20px|true|true\u00a0\u00bb custom_padding_last_edited=\u00a0\u00bboff|desktop\u00a0\u00bb global_colors_info=\u00a0\u00bb{%22gcid-7cadd8b3-5228-48e4-90c4-212d09232f7b%22:%91%22color%22%93}\u00a0\u00bb][et_pb_text module_class=\u00a0\u00bbai_ignore_all\u00a0\u00bb _builder_version=\u00a0\u00bb4.27.0&Prime; _module_preset=\u00a0\u00bbca5459fa-2abd-4000-9b59-3cb483bcc17e\u00a0\u00bb text_orientation=\u00a0\u00bbright\u00a0\u00bb text_orientation_tablet=\u00a0\u00bb\u00a0\u00bb text_orientation_phone=\u00a0\u00bbleft\u00a0\u00bb text_orientation_last_edited=\u00a0\u00bbon|phone\u00a0\u00bb locked=\u00a0\u00bboff\u00a0\u00bb global_colors_info=\u00a0\u00bb{}\u00a0\u00bb]<\/p>\n<p>23 septembre 2025<\/p>\n<p>[\/et_pb_text][et_pb_button button_text=\u00a0\u00bbD\u00e9tails\u00a0\u00bb button_alignment=\u00a0\u00bbright\u00a0\u00bb button_alignment_tablet=\u00a0\u00bb\u00a0\u00bb button_alignment_phone=\u00a0\u00bbleft\u00a0\u00bb button_alignment_last_edited=\u00a0\u00bbon|phone\u00a0\u00bb _builder_version=\u00a0\u00bb4.24.3&Prime; _module_preset=\u00a0\u00bb1bffc0fc-42a0-49d1-bd9a-ae3ade2d7206&Prime; locked=\u00a0\u00bboff\u00a0\u00bb global_colors_info=\u00a0\u00bb{%22gcid-36fd78a7-34bc-404d-873c-dafa34efaae5%22:%91%22button_text_color%22%93}\u00a0\u00bb][\/et_pb_button][\/et_pb_column][\/et_pb_row][\/et_pb_section][et_pb_section fb_built=\u00a0\u00bb1&Prime; admin_label=\u00a0\u00bbProject\u00a0\u00bb _builder_version=\u00a0\u00bb4.25.1&Prime; _module_preset=\u00a0\u00bbdefault\u00a0\u00bb collapsed=\u00a0\u00bbon\u00a0\u00bb global_colors_info=\u00a0\u00bb{}\u00a0\u00bb][et_pb_row _builder_version=\u00a0\u00bb4.25.1&Prime; _module_preset=\u00a0\u00bbdefault\u00a0\u00bb locked=\u00a0\u00bboff\u00a0\u00bb global_colors_info=\u00a0\u00bb{}\u00a0\u00bb][et_pb_column type=\u00a0\u00bb4_4&Prime; _builder_version=\u00a0\u00bb4.25.1&Prime; _module_preset=\u00a0\u00bbdefault\u00a0\u00bb global_colors_info=\u00a0\u00bb{}\u00a0\u00bb][et_pb_heading title=\u00a0\u00bbDiagnostic g\u00e9n\u00e9ral sur le SIAEP de la Margeride Nord\u00a0\u00bb _builder_version=\u00a0\u00bb4.25.1&Prime; _module_preset=\u00a0\u00bbc33f07d9-41e0-421a-8799-5799df695cce\u00a0\u00bb locked=\u00a0\u00bboff\u00a0\u00bb global_colors_info=\u00a0\u00bb{}\u00a0\u00bb][\/et_pb_heading][et_pb_heading title=\u00a0\u00bbInfrastructure\u00a0\u00bb _builder_version=\u00a0\u00bb4.27.0&Prime; _module_preset=\u00a0\u00bbf0c675ea-2574-4d0e-b725-30f8550a8550&Prime; title_text_color=\u00a0\u00bbgcid-primary-color\u00a0\u00bb locked=\u00a0\u00bboff\u00a0\u00bb global_colors_info=\u00a0\u00bb{%22gcid-primary-color%22:%91%22title_text_color%22%93}\u00a0\u00bb][\/et_pb_heading][et_pb_image src=\u00a0\u00bbhttps:\/\/images.unsplash.com\/photo-1627660080110-20045fd3875d?ixid=M3w1ODkyNzF8MHwxfHNlYXJjaHwzfHxlbnZpcm9ubWVudGFsJTIwcHJvamVjdHxlbnwwfDB8fHwxNzI2NDk5NTY5fDA&#038;ixlib=rb-4.0.3&#038;fm=webp&#038;fit=crop&#038;crop=entropy&#038;w=1080&#038;h=600&#038;q=20&#038;dpr=2&Prime; title_text=\u00a0\u00bb1080&#215;600&Prime; _builder_version=\u00a0\u00bb4.25.1&Prime; _module_preset=\u00a0\u00bbdefault\u00a0\u00bb custom_margin=\u00a0\u00bb30px||||false|false\u00a0\u00bb global_colors_info=\u00a0\u00bb{}\u00a0\u00bb][\/et_pb_image][\/et_pb_column][\/et_pb_row][et_pb_row column_structure=\u00a0\u00bb1_3,1_3,1_3&Prime; _builder_version=\u00a0\u00bb4.25.1&Prime; _module_preset=\u00a0\u00bbdefault\u00a0\u00bb global_colors_info=\u00a0\u00bb{}\u00a0\u00bb][et_pb_column type=\u00a0\u00bb1_3&Prime; _builder_version=\u00a0\u00bb4.25.1&Prime; _module_preset=\u00a0\u00bbdefault\u00a0\u00bb global_colors_info=\u00a0\u00bb{}\u00a0\u00bb][et_pb_heading title=\u00a0\u00bbMaitre d&rsquo;ouvrage\u00a0\u00bb module_class=\u00a0\u00bbai_ignore_all\u00a0\u00bb _builder_version=\u00a0\u00bb4.27.0&Prime; _module_preset=\u00a0\u00bbf0c675ea-2574-4d0e-b725-30f8550a8550&Prime; locked=\u00a0\u00bboff\u00a0\u00bb global_colors_info=\u00a0\u00bb{}\u00a0\u00bb][\/et_pb_heading][et_pb_text _builder_version=\u00a0\u00bb4.27.0&Prime; _module_preset=\u00a0\u00bb2c55a9c4-feed-423b-9edb-ae0b5b365cac\u00a0\u00bb locked=\u00a0\u00bboff\u00a0\u00bb global_colors_info=\u00a0\u00bb{}\u00a0\u00bb]<\/p>\n<p>ACDEAU<\/p>\n<p>[\/et_pb_text][\/et_pb_column][et_pb_column type=\u00a0\u00bb1_3&Prime; _builder_version=\u00a0\u00bb4.25.1&Prime; _module_preset=\u00a0\u00bbdefault\u00a0\u00bb global_colors_info=\u00a0\u00bb{}\u00a0\u00bb][et_pb_heading title=\u00a0\u00bbDate de rendu\u00a0\u00bb module_class=\u00a0\u00bbai_ignore_all\u00a0\u00bb _builder_version=\u00a0\u00bb4.27.0&Prime; _module_preset=\u00a0\u00bbf0c675ea-2574-4d0e-b725-30f8550a8550&Prime; locked=\u00a0\u00bboff\u00a0\u00bb global_colors_info=\u00a0\u00bb{}\u00a0\u00bb][\/et_pb_heading][et_pb_text _builder_version=\u00a0\u00bb4.27.0&Prime; _module_preset=\u00a0\u00bb2c55a9c4-feed-423b-9edb-ae0b5b365cac\u00a0\u00bb locked=\u00a0\u00bboff\u00a0\u00bb global_colors_info=\u00a0\u00bb{}\u00a0\u00bb]<\/p>\n<p>Courant 2026<\/p>\n<p>[\/et_pb_text][\/et_pb_column][et_pb_column type=\u00a0\u00bb1_3&Prime; _builder_version=\u00a0\u00bb4.25.1&Prime; _module_preset=\u00a0\u00bbdefault\u00a0\u00bb global_colors_info=\u00a0\u00bb{}\u00a0\u00bb][\/et_pb_column][\/et_pb_row][et_pb_row _builder_version=\u00a0\u00bb4.25.1&Prime; _module_preset=\u00a0\u00bbdefault\u00a0\u00bb global_colors_info=\u00a0\u00bb{}\u00a0\u00bb][et_pb_column type=\u00a0\u00bb4_4&Prime; _builder_version=\u00a0\u00bb4.25.1&Prime; _module_preset=\u00a0\u00bbdefault\u00a0\u00bb global_colors_info=\u00a0\u00bb{}\u00a0\u00bb][et_pb_heading title=\u00a0\u00bbEn quoi consiste un diagnostic g\u00e9n\u00e9ral ?\u00a0\u00bb module_class=\u00a0\u00bbai_ignore_all\u00a0\u00bb _builder_version=\u00a0\u00bb4.27.0&Prime; _module_preset=\u00a0\u00bbba4a6336-701f-47b8-bf5c-09da0ce28016&Prime; locked=\u00a0\u00bboff\u00a0\u00bb global_colors_info=\u00a0\u00bb{}\u00a0\u00bb][\/et_pb_heading][et_pb_text _builder_version=\u00a0\u00bb4.27.0&Prime; _module_preset=\u00a0\u00bb2c55a9c4-feed-423b-9edb-ae0b5b365cac\u00a0\u00bb locked=\u00a0\u00bboff\u00a0\u00bb global_colors_info=\u00a0\u00bb{}\u00a0\u00bb]<\/p>\n<p>Le diagnostic est devenu un document obligatoire pour toute structure g\u00e9rant de l&rsquo;eau potable. Il s&rsquo;agit d&rsquo;un travail g\u00e9n\u00e9ral sur les captages, les ouvrages et les compteurs actuels, afin de d\u00e9finir la vuln\u00e9rabilit\u00e9 de certaines ressources, et d&rsquo;\u00e9tablir un plan d&rsquo;action qui vise \u00e0 am\u00e9liorer l&rsquo;ensemble du r\u00e9seau. Les travaux ont \u00e9t\u00e9 lanc\u00e9s en 2022 avec l&rsquo;entreprise ACDEAU, et le rendu est pr\u00e9vu courant 2026.<\/p>\n<p>[\/et_pb_text][\/et_pb_column][\/et_pb_row][\/et_pb_section][et_pb_section fb_built=\u00a0\u00bb1&Prime; admin_label=\u00a0\u00bbText &#038; Image\u00a0\u00bb _builder_version=\u00a0\u00bb4.24.3&Prime; _module_preset=\u00a0\u00bbdefault\u00a0\u00bb background_color=\u00a0\u00bb#FFFFFF\u00a0\u00bb use_background_color_gradient=\u00a0\u00bbon\u00a0\u00bb background_color_gradient_stops=\u00a0\u00bbgcid-primary-color 70%|#ffffff 70%\u00a0\u00bb locked=\u00a0\u00bboff\u00a0\u00bb collapsed=\u00a0\u00bbon\u00a0\u00bb global_colors_info=\u00a0\u00bb{%22gcid-36fd78a7-34bc-404d-873c-dafa34efaae5%22:%91%22background_color_gradient_stops%22%93,%22gcid-primary-color%22:%91%22background_color_gradient_stops%22%93}\u00a0\u00bb][et_pb_row column_structure=\u00a0\u00bb1_2,1_2&Prime; _builder_version=\u00a0\u00bb4.18.0&Prime; _module_preset=\u00a0\u00bb5138c454-be54-4233-bd3b-f8e6a8747976&Prime; global_colors_info=\u00a0\u00bb{}\u00a0\u00bb][et_pb_column type=\u00a0\u00bb1_2&Prime; _builder_version=\u00a0\u00bb4.18.0&Prime; _module_preset=\u00a0\u00bb73121f80-a3ef-4484-8763-c3f18e3c56d2&Prime; global_colors_info=\u00a0\u00bb{}\u00a0\u00bb][et_pb_heading title=\u00a0\u00bbInitiative \u00c9cologique\u00a0\u00bb _builder_version=\u00a0\u00bb4.24.3&Prime; _module_preset=\u00a0\u00bbf0c675ea-2574-4d0e-b725-30f8550a8550&Prime; title_text_color=\u00a0\u00bb#FFFFFF\u00a0\u00bb locked=\u00a0\u00bboff\u00a0\u00bb global_colors_info=\u00a0\u00bb{}\u00a0\u00bb][\/et_pb_heading][et_pb_heading title=\u00a0\u00bbT\u00e9l\u00e9surveillance et sectorisation\u00a0\u00bb _builder_version=\u00a0\u00bb4.24.3&Prime; _module_preset=\u00a0\u00bbc33f07d9-41e0-421a-8799-5799df695cce\u00a0\u00bb title_text_color=\u00a0\u00bb#FFFFFF\u00a0\u00bb locked=\u00a0\u00bboff\u00a0\u00bb global_colors_info=\u00a0\u00bb{}\u00a0\u00bb][\/et_pb_heading][\/et_pb_column][et_pb_column type=\u00a0\u00bb1_2&Prime; _builder_version=\u00a0\u00bb4.18.0&Prime; _module_preset=\u00a0\u00bb73121f80-a3ef-4484-8763-c3f18e3c56d2&Prime; global_colors_info=\u00a0\u00bb{}\u00a0\u00bb][et_pb_text _builder_version=\u00a0\u00bb4.24.3&Prime; _module_preset=\u00a0\u00bb0504de1e-f5ff-4281-ba60-cbbe4edf98bc\u00a0\u00bb global_colors_info=\u00a0\u00bb{%22gcid-36fd78a7-34bc-404d-873c-dafa34efaae5%22:%91%22icon_color%22,%22icon_color%22,%22icon_color%22,%22icon_color%22,%22link_text_color%22,%22icon_color%22,%22icon_color%22,%22icon_color%22,%22icon_color%22,%22link_text_color%22%93}\u00a0\u00bb]<\/p>\n<p>Ce projet finalis\u00e9 en 2023 a permis de d\u00e9finir plus facilement les r\u00e9seaux fuyards et donc de garantir une s\u00e9r\u00e9nit\u00e9 aux agents pour prendre en charge les fuites d&rsquo;eau importantes. Cela s&rsquo;inscrit \u00e9galement dans une initiative \u00e9cologique puisque la gestion de l&rsquo;eau potable est au coeur des pr\u00e9occupations avec des p\u00e9riodes de s\u00e9cheresse de plus en plus fr\u00e9quentes.\u00a0<\/p>\n<p>[\/et_pb_text][et_pb_button button_text=\u00a0\u00bbEn savoir plus\u00a0\u00bb _builder_version=\u00a0\u00bb4.24.3&Prime; _module_preset=\u00a0\u00bbab15fb74-61a3-43aa-96b3-41e09aeef654&Prime; global_colors_info=\u00a0\u00bb{}\u00a0\u00bb][\/et_pb_button][\/et_pb_column][\/et_pb_row][et_pb_row _builder_version=\u00a0\u00bb4.18.0&Prime; _module_preset=\u00a0\u00bb5138c454-be54-4233-bd3b-f8e6a8747976&Prime; global_colors_info=\u00a0\u00bb{}\u00a0\u00bb][et_pb_column type=\u00a0\u00bb4_4&Prime; _builder_version=\u00a0\u00bb4.18.0&Prime; _module_preset=\u00a0\u00bb73121f80-a3ef-4484-8763-c3f18e3c56d2&Prime; global_colors_info=\u00a0\u00bb{}\u00a0\u00bb][et_pb_image src=\u00a0\u00bbhttps:\/\/images.unsplash.com\/photo-1521737852567-6949f3f9f2b5?ixid=M3w1ODkyNzF8MHwxfHNlYXJjaHwxfHx0ZWFtJTIwY29sbGFib3JhdGlvbnxlbnwwfDB8fHwxNzI2NDg0ODIxfDA&#038;ixlib=rb-4.0.3&#038;fm=webp&#038;fit=crop&#038;crop=entropy&#038;w=1080&#038;h=600&#038;q=20&#038;dpr=2&Prime; title_text=\u00a0\u00bb1080&#215;600&Prime; _builder_version=\u00a0\u00bb4.23.1&Prime; _module_preset=\u00a0\u00bb6ed8fd5c-62c5-4100-98c3-7b8b6d2c2ee6&Prime; global_colors_info=\u00a0\u00bb{}\u00a0\u00bb][\/et_pb_image][\/et_pb_column][\/et_pb_row][\/et_pb_section][et_pb_section fb_built=\u00a0\u00bb1&Prime; admin_label=\u00a0\u00bbTestimonials\u00a0\u00bb _builder_version=\u00a0\u00bb4.17.6&Prime; _module_preset=\u00a0\u00bbdefault\u00a0\u00bb locked=\u00a0\u00bboff\u00a0\u00bb collapsed=\u00a0\u00bbon\u00a0\u00bb global_colors_info=\u00a0\u00bb{}\u00a0\u00bb][et_pb_row _builder_version=\u00a0\u00bb4.16&Prime; _module_preset=\u00a0\u00bb5138c454-be54-4233-bd3b-f8e6a8747976&Prime; locked=\u00a0\u00bboff\u00a0\u00bb global_colors_info=\u00a0\u00bb{}\u00a0\u00bb][et_pb_column type=\u00a0\u00bb4_4&Prime; _builder_version=\u00a0\u00bb4.16&Prime; _module_preset=\u00a0\u00bb73121f80-a3ef-4484-8763-c3f18e3c56d2&Prime; global_colors_info=\u00a0\u00bb{}\u00a0\u00bb][et_pb_icon font_icon=\u00a0\u00bb&#xf10d;||fa||900&Prime; icon_color=\u00a0\u00bbgcid-secondary-color\u00a0\u00bb align=\u00a0\u00bbcenter\u00a0\u00bb module_class=\u00a0\u00bbai_ignore_font_icon\u00a0\u00bb _builder_version=\u00a0\u00bb4.24.3&Prime; _module_preset=\u00a0\u00bbc2c23269-d09e-4bca-9247-65cd5ecf15a9&Prime; locked=\u00a0\u00bboff\u00a0\u00bb global_colors_info=\u00a0\u00bb{%22gcid-secondary-color%22:%91%22icon_color%22%93}\u00a0\u00bb][\/et_pb_icon][\/et_pb_column][\/et_pb_row][\/et_pb_section][et_pb_section fb_built=\u00a0\u00bb1&Prime; admin_label=\u00a0\u00bbCall to Action\u00a0\u00bb _builder_version=\u00a0\u00bb4.17.6&Prime; _module_preset=\u00a0\u00bbdefault\u00a0\u00bb locked=\u00a0\u00bboff\u00a0\u00bb collapsed=\u00a0\u00bbon\u00a0\u00bb global_colors_info=\u00a0\u00bb{}\u00a0\u00bb][et_pb_row _builder_version=\u00a0\u00bb4.17.6&Prime; _module_preset=\u00a0\u00bb5138c454-be54-4233-bd3b-f8e6a8747976&Prime; global_colors_info=\u00a0\u00bb{}\u00a0\u00bb][et_pb_column type=\u00a0\u00bb4_4&Prime; _builder_version=\u00a0\u00bb4.16&Prime; _module_preset=\u00a0\u00bb73121f80-a3ef-4484-8763-c3f18e3c56d2&Prime; global_colors_info=\u00a0\u00bb{}\u00a0\u00bb][et_pb_image src=\u00a0\u00bbhttps:\/\/images.unsplash.com\/photo-1468357161629-c3c530741678?ixid=M3w1ODkyNzF8MHwxfHNlYXJjaHwxMHx8ZmFtaWx5JTIwcGljbmljfGVufDB8MHx8fDE3MjY0OTk1Njl8MA&#038;ixlib=rb-4.0.3&#038;fm=webp&#038;fit=crop&#038;crop=entropy&#038;w=1080&#038;h=600&#038;q=20&#038;dpr=2&Prime; title_text=\u00a0\u00bb1080&#215;600&Prime; _builder_version=\u00a0\u00bb4.24.3&Prime; _module_preset=\u00a0\u00bb6ed8fd5c-62c5-4100-98c3-7b8b6d2c2ee6&Prime; global_colors_info=\u00a0\u00bb{}\u00a0\u00bb][\/et_pb_image][\/et_pb_column][\/et_pb_row][et_pb_row column_structure=\u00a0\u00bb3_5,2_5&Prime; _builder_version=\u00a0\u00bb4.17.6&Prime; _module_preset=\u00a0\u00bb5138c454-be54-4233-bd3b-f8e6a8747976&Prime; global_colors_info=\u00a0\u00bb{}\u00a0\u00bb][et_pb_column type=\u00a0\u00bb3_5&Prime; _builder_version=\u00a0\u00bb4.16&Prime; _module_preset=\u00a0\u00bb73121f80-a3ef-4484-8763-c3f18e3c56d2&Prime; global_colors_info=\u00a0\u00bb{}\u00a0\u00bb][et_pb_heading title=\u00a0\u00bbRestez Inform\u00e9 avec le SIAEP de La Margeride Nord \u00a0\u00bb _builder_version=\u00a0\u00bb4.24.2&Prime; _module_preset=\u00a0\u00bbc33f07d9-41e0-421a-8799-5799df695cce\u00a0\u00bb locked=\u00a0\u00bboff\u00a0\u00bb global_colors_info=\u00a0\u00bb{}\u00a0\u00bb][\/et_pb_heading][\/et_pb_column][et_pb_column type=\u00a0\u00bb2_5&Prime; _builder_version=\u00a0\u00bb4.16&Prime; _module_preset=\u00a0\u00bb73121f80-a3ef-4484-8763-c3f18e3c56d2&Prime; global_colors_info=\u00a0\u00bb{}\u00a0\u00bb][et_pb_heading title=\u00a0\u00bbAbonnez-vous \u00e0 nos mises \u00e0 jour pour ne rien manquer des projets et initiatives qui impactent nos communaut\u00e9s.\u00a0\u00bb _builder_version=\u00a0\u00bb4.24.3&Prime; _module_preset=\u00a0\u00bba3805066-8711-43c7-9f62-5782da0e9f7a\u00a0\u00bb locked=\u00a0\u00bboff\u00a0\u00bb global_colors_info=\u00a0\u00bb{}\u00a0\u00bb][\/et_pb_heading][et_pb_button button_text=\u00a0\u00bbS&rsquo;abonner Maintenant\u00a0\u00bb _builder_version=\u00a0\u00bb4.23.1&Prime; _module_preset=\u00a0\u00bb1bffc0fc-42a0-49d1-bd9a-ae3ade2d7206&Prime; locked=\u00a0\u00bboff\u00a0\u00bb global_colors_info=\u00a0\u00bb{}\u00a0\u00bb][\/et_pb_button][\/et_pb_column][\/et_pb_row][\/et_pb_section]<\/p>\n","protected":false},"excerpt":{"rendered":"<p>Suite au passage des \u00e9quipes techniques pour relever vos compteurs d&rsquo;eau, et apr\u00e8s la premi\u00e8re facture concernant l&rsquo;abonnement, vous allez prochainement recevoir votre facture d&rsquo;eau pour votre consommation avec les trois redevances (consommation d&rsquo;eau potable, performance des r\u00e9seaux d&rsquo;eau, redevance pr\u00e9l\u00e8vement)\u00a0 &nbsp;Le 16 avril se tiendra l&rsquo;\u00e9lection du nouveau bureau syndical suite \u00e0 l&rsquo;installation des [&hellip;]<\/p>\n","protected":false},"author":1,"featured_media":0,"parent":0,"menu_order":0,"comment_status":"closed","ping_status":"closed","template":"","meta":{"_seopress_robots_primary_cat":"","_seopress_titles_title":"","_seopress_titles_desc":"","_seopress_robots_index":"","_et_pb_use_builder":"on","_et_pb_old_content":"","_et_gb_content_width":"","footnotes":""},"categories":[],"tags":[],"class_list":["post-14","page","type-page","status-publish","hentry"],"_links":{"self":[{"href":"https:\/\/www.siaep-margeride.fr\/index.php?rest_route=\/wp\/v2\/pages\/14","targetHints":{"allow":["GET"]}}],"collection":[{"href":"https:\/\/www.siaep-margeride.fr\/index.php?rest_route=\/wp\/v2\/pages"}],"about":[{"href":"https:\/\/www.siaep-margeride.fr\/index.php?rest_route=\/wp\/v2\/types\/page"}],"author":[{"embeddable":true,"href":"https:\/\/www.siaep-margeride.fr\/index.php?rest_route=\/wp\/v2\/users\/1"}],"replies":[{"embeddable":true,"href":"https:\/\/www.siaep-margeride.fr\/index.php?rest_route=%2Fwp%2Fv2%2Fcomments&post=14"}],"version-history":[{"count":14,"href":"https:\/\/www.siaep-margeride.fr\/index.php?rest_route=\/wp\/v2\/pages\/14\/revisions"}],"predecessor-version":[{"id":668,"href":"https:\/\/www.siaep-margeride.fr\/index.php?rest_route=\/wp\/v2\/pages\/14\/revisions\/668"}],"wp:attachment":[{"href":"https:\/\/www.siaep-margeride.fr\/index.php?rest_route=%2Fwp%2Fv2%2Fmedia&parent=14"}],"wp:term":[{"taxonomy":"category","embeddable":true,"href":"https:\/\/www.siaep-margeride.fr\/index.php?rest_route=%2Fwp%2Fv2%2Fcategories&post=14"},{"taxonomy":"post_tag","embeddable":true,"href":"https:\/\/www.siaep-margeride.fr\/index.php?rest_route=%2Fwp%2Fv2%2Ftags&post=14"}],"curies":[{"name":"wp","href":"https:\/\/api.w.org\/{rel}","templated":true}]}}